{"id":55,"date":"2017-03-14T23:07:23","date_gmt":"2017-03-14T22:07:23","guid":{"rendered":"http:\/\/omsvillejuif.fr\/blog\/?page_id=55"},"modified":"2026-02-03T14:24:43","modified_gmt":"2026-02-03T13:24:43","slug":"demander-une-reservation-de-la-salle-de-la-maison-des-sports","status":"publish","type":"page","link":"https:\/\/omsvillejuif.fr\/blog\/demander-une-reservation-de-la-salle-de-la-maison-des-sports\/","title":{"rendered":"Demander une r\u00e9servation de la salle de la maison des sports"},"content":{"rendered":"<p style=\"text-align: justify;\"><strong>Vous d\u00e9sirez r\u00e9server la salle de la maison des sports?<\/strong><\/p>\n<ol style=\"text-align: justify;\">\n<li>Vous \u00eates une association adh\u00e9rente \u00e0 l&rsquo;OMS<\/li>\n<li>Consulter son occupation sur l&rsquo;agenda<\/li>\n<li>Si elle est disponible, demander une r\u00e9servation en envoyant une demande avec le formulaire <a href=\"http:\/\/omsvillejuif.fr\/blog\/nous-contacter\/\">[Nous contacter &#8230;.]<\/a><br \/>\nMettre dans le commentaire :\u00a0Club, Date, Heure, Motif (celui ci sera indiqu\u00e9 sur l&rsquo;agenda)<\/li>\n<li>La r\u00e9servation est faite sur le principe de la priorit\u00e9 \u00e0 la demande la plus ancienne.<\/li>\n<li>Les r\u00e9servations cycliques seront \u00e9tudi\u00e9es avec attention pour \u00e9viter de bloquer la salle pour des r\u00e9unions fant\u00f4mes.<\/li>\n<li>D\u00e8s que la demande est accept\u00e9e, elle est marqu\u00e9e dans <a href=\"http:\/\/omsvillejuif.fr\/blog\/agenda-oms\/\">l&rsquo;agenda pr\u00e9sent sur le site web<\/a>.<\/li>\n<\/ol>\n<p>P<strong>our vos r\u00e9unions, vous pouvez aussi demander :\u00a0<\/strong><\/p>\n<ul>\n<li>L&rsquo;acc\u00e8s au WIFI ;<\/li>\n<li>l&rsquo;acc\u00e8s \u00e0 un frigo (partag\u00e9) ;<\/li>\n<li>l&rsquo;acc\u00e8s \u00e0 la photocopieuse couleur ;<\/li>\n<li>1 vid\u00e9oprojecteur.<\/li>\n<\/ul>\n<p><strong>Et vous pouvez aussi r\u00e9server pour vos \u00e9v\u00e8nements :\u00a0<\/strong><\/p>\n<ul data-editing-info=\"{&quot;applyListStyleFromLevel&quot;:false,&quot;unorderedStyleType&quot;:1}\">\n<li data-ogsc=\"black\">\n<div role=\"presentation\" data-ogsc=\"\">de 1 \u00e0 4 barnums (3x3m, et un 3x6m) ;<\/div>\n<\/li>\n<li data-ogsc=\"black\">1 sonorisation portable (enceintes, table de mixage, micros&#8230;) ;<\/li>\n<li data-ogsc=\"black\">de 1 \u00e0 3 percolateurs.<\/li>\n<\/ul>\n<p><em>nb : si vous n&rsquo;\u00eates pas encore adh\u00e9rent \u00e0 l&rsquo;OMS, vous trouverez le <a href=\"http:\/\/omsvillejuif.fr\/blog\/demande-dadhesion\/\">formulaire de demande d&rsquo;adh\u00e9sion<\/a> depuis le menu de la page d&rsquo;accueil.<\/em><\/p>\n","protected":false},"excerpt":{"rendered":"<p>Vous d\u00e9sirez r\u00e9server la salle de la maison des sports? Vous \u00eates une association adh\u00e9rente \u00e0 l&rsquo;OMS Consulter son occupation sur l&rsquo;agenda Si elle est disponible, demander une r\u00e9servation en envoyant une demande avec le formulaire [Nous contacter &#8230;.] Mettre dans le commentaire :\u00a0Club, Date, Heure, Motif (celui ci sera indiqu\u00e9 sur l&rsquo;agenda) La r\u00e9servation [&hellip;]<\/p>\n","protected":false},"author":2,"featured_media":0,"parent":0,"menu_order":0,"comment_status":"closed","ping_status":"closed","template":"","meta":{"footnotes":""},"class_list":["post-55","page","type-page","status-publish","hentry"],"_links":{"self":[{"href":"https:\/\/omsvillejuif.fr\/blog\/wp-json\/wp\/v2\/pages\/55","targetHints":{"allow":["GET"]}}],"collection":[{"href":"https:\/\/omsvillejuif.fr\/blog\/wp-json\/wp\/v2\/pages"}],"about":[{"href":"https:\/\/omsvillejuif.fr\/blog\/wp-json\/wp\/v2\/types\/page"}],"author":[{"embeddable":true,"href":"https:\/\/omsvillejuif.fr\/blog\/wp-json\/wp\/v2\/users\/2"}],"replies":[{"embeddable":true,"href":"https:\/\/omsvillejuif.fr\/blog\/wp-json\/wp\/v2\/comments?post=55"}],"version-history":[{"count":12,"href":"https:\/\/omsvillejuif.fr\/blog\/wp-json\/wp\/v2\/pages\/55\/revisions"}],"predecessor-version":[{"id":1790,"href":"https:\/\/omsvillejuif.fr\/blog\/wp-json\/wp\/v2\/pages\/55\/revisions\/1790"}],"wp:attachment":[{"href":"https:\/\/omsvillejuif.fr\/blog\/wp-json\/wp\/v2\/media?parent=55"}],"curies":[{"name":"wp","href":"https:\/\/api.w.org\/{rel}","templated":true}]}}