{"id":250,"date":"2017-06-12T16:12:41","date_gmt":"2017-06-12T14:12:41","guid":{"rendered":"http:\/\/omsvillejuif.fr\/blog\/?page_id=250"},"modified":"2020-02-03T10:20:03","modified_gmt":"2020-02-03T09:20:03","slug":"usv-karate","status":"publish","type":"page","link":"https:\/\/omsvillejuif.fr\/blog\/liste-des-clubs-adherents\/usv-karate\/","title":{"rendered":"USV Karat\u00e9"},"content":{"rendered":"<p><img loading=\"lazy\" decoding=\"async\" class=\"wp-image-431 size-large alignleft\" src=\"http:\/\/omsvillejuif.fr\/blog\/wp-content\/uploads\/2017\/06\/karate-1024x660.jpg\" alt=\"\" width=\"625\" height=\"403\" srcset=\"https:\/\/omsvillejuif.fr\/blog\/wp-content\/uploads\/2017\/06\/karate-1024x660.jpg 1024w, https:\/\/omsvillejuif.fr\/blog\/wp-content\/uploads\/2017\/06\/karate-300x193.jpg 300w, https:\/\/omsvillejuif.fr\/blog\/wp-content\/uploads\/2017\/06\/karate-768x495.jpg 768w, https:\/\/omsvillejuif.fr\/blog\/wp-content\/uploads\/2017\/06\/karate-624x402.jpg 624w, https:\/\/omsvillejuif.fr\/blog\/wp-content\/uploads\/2017\/06\/karate.jpg 1397w\" sizes=\"auto, (max-width: 625px) 100vw, 625px\" \/><\/p>\n<p>&nbsp;<\/p>\n<p><strong>Contact<\/strong><\/p>\n<p>Bao Nguyen<br \/>\nPr\u00e9sident<br \/>\n<a title=\"Adresse Email du club\" href=\"mailto:usvkarate@gmail.com\" target=\"_blank\" rel=\"noopener noreferrer\"><img loading=\"lazy\" decoding=\"async\" class=\"alignnone wp-image-93\" src=\"http:\/\/omsvillejuif.fr\/blog\/wp-content\/uploads\/2017\/05\/Email.png\" alt=\"\" width=\"43\" height=\"43\" \/><\/a><br \/>\n<a title=\"Site web du club\" href=\"http:\/\/www.karatevillejuif.fr\" target=\"_blank\" rel=\"noopener noreferrer\"><img loading=\"lazy\" decoding=\"async\" class=\"alignnone wp-image-95\" src=\"http:\/\/omsvillejuif.fr\/blog\/wp-content\/uploads\/2017\/05\/site-web.png\" alt=\"\" width=\"43\" height=\"43\" srcset=\"https:\/\/omsvillejuif.fr\/blog\/wp-content\/uploads\/2017\/05\/site-web.png 250w, https:\/\/omsvillejuif.fr\/blog\/wp-content\/uploads\/2017\/05\/site-web-150x150.png 150w\" sizes=\"auto, (max-width: 43px) 100vw, 43px\" \/><\/a><a title=\"Page Facebook du club\" href=\"https:\/\/www.facebook.com\/US-VILLEJUIF-KARATE-94-211842855503807\/\" target=\"_blank\" rel=\"noopener noreferrer\"><img loading=\"lazy\" decoding=\"async\" class=\"alignnone wp-image-94\" src=\"http:\/\/omsvillejuif.fr\/blog\/wp-content\/uploads\/2017\/05\/facebook-logo-4-300x300.png\" alt=\"\" width=\"43\" height=\"43\" srcset=\"https:\/\/omsvillejuif.fr\/blog\/wp-content\/uploads\/2017\/05\/facebook-logo-4-300x300.png 300w, https:\/\/omsvillejuif.fr\/blog\/wp-content\/uploads\/2017\/05\/facebook-logo-4-150x150.png 150w, https:\/\/omsvillejuif.fr\/blog\/wp-content\/uploads\/2017\/05\/facebook-logo-4-768x768.png 768w, https:\/\/omsvillejuif.fr\/blog\/wp-content\/uploads\/2017\/05\/facebook-logo-4-624x624.png 624w, https:\/\/omsvillejuif.fr\/blog\/wp-content\/uploads\/2017\/05\/facebook-logo-4.png 1024w\" sizes=\"auto, (max-width: 43px) 100vw, 43px\" \/><\/a><\/p>\n<p>&nbsp;<\/p>\n<p>&nbsp;<\/p>\n<p>&nbsp;<\/p>\n<p>&nbsp;<\/p>\n<p><strong>Descriptif de l\u2019association<\/strong><\/p>\n<p>Le karat\u00e9 offre aux pratiquants de tout \u00e2ge la possibilit\u00e9 de s\u2019\u00e9panouir physiquement mais aussi d\u2019adh\u00e9rer \u00e0 une \u00e9cole de vie. Les enfants y trouvent une activit\u00e9 \u00e9ducative et ludique, qui leur permet de canaliser leur \u00e9nergie et de d\u00e9velopper leur confiance. Les sportifs peuvent s\u2019exprimer au travers de nombreuses comp\u00e9titions. Bien-\u00eatre, self d\u00e9fense, activit\u00e9 physique compl\u00e8te et confiance en soi sont les bienfaits d\u2019une pratique r\u00e9guli\u00e8re. Chacun y trouve ses rep\u00e8res quel que soit son niveau de pratique. Les cours sont anim\u00e9s par des professeurs dipl\u00f4m\u00e9s et toujours dans la bonne humeur.<\/p>\n<p><strong>Informations sp\u00e9cifiques<\/strong><\/p>\n<p>Inscription tous les mercredis et vendredis \u00e0 19h30 au complexe sportif Guy Boniface. Fournir la fiche d\u2019inscription, un certificat m\u00e9dical (moins de 3 mois) et deux photos.<\/p>\n<p><em>Cotisations\u00a0:<br \/>\n<\/em><em>5-6 ans\u00a0: 160\u20ac<br \/>\n<\/em><em>7-12 ans\u00a0: 180\u20ac<br \/>\n<\/em><em>13 ans et plus\u00a0: 230\u20ac<\/em><\/p>\n<p><strong>Lieux et horaires<\/strong><\/p>\n<p>Complexe sportif Guy Boniface. 32, avenue Louis Aragon<\/p>\n<p><img loading=\"lazy\" decoding=\"async\" class=\"alignnone wp-image-433\" src=\"http:\/\/omsvillejuif.fr\/blog\/wp-content\/uploads\/2017\/06\/tableau-bulletin-karat\u00e9-300x149.png\" alt=\"\" width=\"500\" height=\"249\" srcset=\"https:\/\/omsvillejuif.fr\/blog\/wp-content\/uploads\/2017\/06\/tableau-bulletin-karat\u00e9-300x149.png 300w, https:\/\/omsvillejuif.fr\/blog\/wp-content\/uploads\/2017\/06\/tableau-bulletin-karat\u00e9-768x383.png 768w, https:\/\/omsvillejuif.fr\/blog\/wp-content\/uploads\/2017\/06\/tableau-bulletin-karat\u00e9-624x311.png 624w, https:\/\/omsvillejuif.fr\/blog\/wp-content\/uploads\/2017\/06\/tableau-bulletin-karat\u00e9.png 863w\" sizes=\"auto, (max-width: 500px) 100vw, 500px\" \/><\/p>\n<p>&nbsp;<\/p>\n","protected":false},"excerpt":{"rendered":"<p>&nbsp; Contact Bao Nguyen Pr\u00e9sident &nbsp; &nbsp; &nbsp; &nbsp; Descriptif de l\u2019association Le karat\u00e9 offre aux pratiquants de tout \u00e2ge la possibilit\u00e9 de s\u2019\u00e9panouir physiquement mais aussi d\u2019adh\u00e9rer \u00e0 une \u00e9cole de vie. Les enfants y trouvent une activit\u00e9 \u00e9ducative et ludique, qui leur permet de canaliser leur \u00e9nergie et de d\u00e9velopper leur confiance. Les [&hellip;]<\/p>\n","protected":false},"author":3,"featured_media":0,"parent":105,"menu_order":0,"comment_status":"closed","ping_status":"closed","template":"page-templates\/full-width.php","meta":{"footnotes":""},"class_list":["post-250","page","type-page","status-publish","hentry"],"_links":{"self":[{"href":"https:\/\/omsvillejuif.fr\/blog\/wp-json\/wp\/v2\/pages\/250","targetHints":{"allow":["GET"]}}],"collection":[{"href":"https:\/\/omsvillejuif.fr\/blog\/wp-json\/wp\/v2\/pages"}],"about":[{"href":"https:\/\/omsvillejuif.fr\/blog\/wp-json\/wp\/v2\/types\/page"}],"author":[{"embeddable":true,"href":"https:\/\/omsvillejuif.fr\/blog\/wp-json\/wp\/v2\/users\/3"}],"replies":[{"embeddable":true,"href":"https:\/\/omsvillejuif.fr\/blog\/wp-json\/wp\/v2\/comments?post=250"}],"version-history":[{"count":6,"href":"https:\/\/omsvillejuif.fr\/blog\/wp-json\/wp\/v2\/pages\/250\/revisions"}],"predecessor-version":[{"id":1313,"href":"https:\/\/omsvillejuif.fr\/blog\/wp-json\/wp\/v2\/pages\/250\/revisions\/1313"}],"up":[{"embeddable":true,"href":"https:\/\/omsvillejuif.fr\/blog\/wp-json\/wp\/v2\/pages\/105"}],"wp:attachment":[{"href":"https:\/\/omsvillejuif.fr\/blog\/wp-json\/wp\/v2\/media?parent=250"}],"curies":[{"name":"wp","href":"https:\/\/api.w.org\/{rel}","templated":true}]}}