{"id":215,"date":"2017-06-10T12:53:21","date_gmt":"2017-06-10T10:53:21","guid":{"rendered":"http:\/\/omsvillejuif.fr\/blog\/?page_id=215"},"modified":"2024-11-18T14:32:02","modified_gmt":"2024-11-18T13:32:02","slug":"usv-badminton","status":"publish","type":"page","link":"https:\/\/omsvillejuif.fr\/blog\/liste-des-clubs-adherents\/usv-badminton\/","title":{"rendered":"USV Badminton"},"content":{"rendered":"<p><img loading=\"lazy\" decoding=\"async\" class=\"wp-image-396 size-large alignleft\" src=\"http:\/\/omsvillejuif.fr\/blog\/wp-content\/uploads\/2017\/06\/DSC_0117-1024x683.jpg\" alt=\"\" width=\"625\" height=\"417\" srcset=\"https:\/\/omsvillejuif.fr\/blog\/wp-content\/uploads\/2017\/06\/DSC_0117-1024x683.jpg 1024w, https:\/\/omsvillejuif.fr\/blog\/wp-content\/uploads\/2017\/06\/DSC_0117-300x200.jpg 300w, https:\/\/omsvillejuif.fr\/blog\/wp-content\/uploads\/2017\/06\/DSC_0117-768x512.jpg 768w, https:\/\/omsvillejuif.fr\/blog\/wp-content\/uploads\/2017\/06\/DSC_0117-624x416.jpg 624w\" sizes=\"auto, (max-width: 625px) 100vw, 625px\" \/><strong>Contact<\/strong><\/p>\n<p>Beno\u00eet Bertrand<br \/>\nPr\u00e9sident<br \/>\n<a title=\"Adresse Email du Pr\u00e9sident\" href=\"mailto:usvillejuibad@gmail.com\" target=\"_blank\" rel=\"noopener\"><img loading=\"lazy\" decoding=\"async\" class=\"alignnone wp-image-93\" src=\"http:\/\/omsvillejuif.fr\/blog\/wp-content\/uploads\/2017\/05\/Email.png\" alt=\"\" width=\"43\" height=\"43\" \/><\/a><br \/>\n<a title=\"Site web du club\" href=\"http:\/\/www.usvillejuifbadminton.com\" target=\"_blank\" rel=\"noopener\"><img loading=\"lazy\" decoding=\"async\" class=\"alignnone wp-image-95\" src=\"http:\/\/omsvillejuif.fr\/blog\/wp-content\/uploads\/2017\/05\/site-web.png\" alt=\"\" width=\"43\" height=\"43\" srcset=\"https:\/\/omsvillejuif.fr\/blog\/wp-content\/uploads\/2017\/05\/site-web.png 250w, https:\/\/omsvillejuif.fr\/blog\/wp-content\/uploads\/2017\/05\/site-web-150x150.png 150w\" sizes=\"auto, (max-width: 43px) 100vw, 43px\" \/><\/a><a title=\"Page Facebook du club\" href=\"https:\/\/whttps:\/\/www.facebook.com\/Usvbad\" target=\"_blank\" rel=\"noopener\"><img loading=\"lazy\" decoding=\"async\" class=\"alignnone wp-image-94\" src=\"http:\/\/omsvillejuif.fr\/blog\/wp-content\/uploads\/2017\/05\/facebook-logo-4-300x300.png\" alt=\"\" width=\"43\" height=\"43\" srcset=\"https:\/\/omsvillejuif.fr\/blog\/wp-content\/uploads\/2017\/05\/facebook-logo-4-300x300.png 300w, https:\/\/omsvillejuif.fr\/blog\/wp-content\/uploads\/2017\/05\/facebook-logo-4-150x150.png 150w, https:\/\/omsvillejuif.fr\/blog\/wp-content\/uploads\/2017\/05\/facebook-logo-4-768x768.png 768w, https:\/\/omsvillejuif.fr\/blog\/wp-content\/uploads\/2017\/05\/facebook-logo-4-624x624.png 624w, https:\/\/omsvillejuif.fr\/blog\/wp-content\/uploads\/2017\/05\/facebook-logo-4.png 1024w\" sizes=\"auto, (max-width: 43px) 100vw, 43px\" \/><\/a><\/p>\n<p>Fanny Te<br \/>\nSecr\u00e9taire<\/p>\n<p>Francisco Poppe<br \/>\nTr\u00e9sorier<\/p>\n<p><strong>Descriptif de l\u2019association<\/strong><\/p>\n<p>Sport technique, strat\u00e9gique et physique, aussi bien en simple ou en double ou encore par \u00e9quipe, le badminton attire chaque ann\u00e9e de plus en plus de monde et le nombre de licenci\u00e9s est croissant. Cette r\u00e9ussite s\u2019explique par une facilit\u00e9 d\u2019acc\u00e8s pour tous et que chacun puisse trouver dans ce sport de raquette ce qu\u2019il y cherche. Adultes ou jeunes, filles ou gar\u00e7ons, que vous le pratiquiez en loisir ou que vous souhaitiez faire de la comp\u00e9tition, ce sport dynamique et convivial r\u00e9pondra \u00e0 toutes vos envies\u00a0! Nous vous attendons tr\u00e8s bient\u00f4t sur les terrains pour pratiquer le badminton.<\/p>\n<p><strong>Informations sp\u00e9cifiques<\/strong><\/p>\n<p>Fournir un certificat m\u00e9dical d\u2019aptitude \u00e0 la pratique du badminton en comp\u00e9tition (moins de 3 mois), une photo d\u2019identit\u00e9, un ch\u00e8que \u00e0 l\u2019ordre de l\u2019USV Badminton et le dossier d\u2019inscription rempli.<\/p>\n<p><em>Cotisations\u00a0:<br \/>\n<\/em><em>Jeunes \u00ab\u00a0petits volants\u00a0\u00bb : 125\u20ac<br \/>\n<\/em><em>Jeunes \u00ab\u00a0grands volants\u00a0\u00bb : 145\u20ac<br \/>\nAdultes loisirs : 165\u20ac<br \/>\n<\/em><em>Comp\u00e9titeurs : 175\u20ac<br \/>\nTarifs famille : 15% de r\u00e9duction pour 3 licences et 20% de r\u00e9duction pour 4 licences.<\/em><\/p>\n<p><strong>Lieux et horaires<\/strong><\/p>\n<p>Gymnase des Olympiades : Lundi et jeudi<br \/>\nGymnase Louis Pasteur : Mercredi et dimanche<br \/>\nHalle Colette Besson : Mardi<\/p>\n<p>&nbsp;<\/p>\n<p>&nbsp;<\/p>\n","protected":false},"excerpt":{"rendered":"<p>Contact Beno\u00eet Bertrand Pr\u00e9sident Fanny Te Secr\u00e9taire Francisco Poppe Tr\u00e9sorier Descriptif de l\u2019association Sport technique, strat\u00e9gique et physique, aussi bien en simple ou en double ou encore par \u00e9quipe, le badminton attire chaque ann\u00e9e de plus en plus de monde et le nombre de licenci\u00e9s est croissant. Cette r\u00e9ussite s\u2019explique par une facilit\u00e9 d\u2019acc\u00e8s pour [&hellip;]<\/p>\n","protected":false},"author":3,"featured_media":0,"parent":105,"menu_order":0,"comment_status":"closed","ping_status":"closed","template":"page-templates\/full-width.php","meta":{"footnotes":""},"class_list":["post-215","page","type-page","status-publish","hentry"],"_links":{"self":[{"href":"https:\/\/omsvillejuif.fr\/blog\/wp-json\/wp\/v2\/pages\/215","targetHints":{"allow":["GET"]}}],"collection":[{"href":"https:\/\/omsvillejuif.fr\/blog\/wp-json\/wp\/v2\/pages"}],"about":[{"href":"https:\/\/omsvillejuif.fr\/blog\/wp-json\/wp\/v2\/types\/page"}],"author":[{"embeddable":true,"href":"https:\/\/omsvillejuif.fr\/blog\/wp-json\/wp\/v2\/users\/3"}],"replies":[{"embeddable":true,"href":"https:\/\/omsvillejuif.fr\/blog\/wp-json\/wp\/v2\/comments?post=215"}],"version-history":[{"count":15,"href":"https:\/\/omsvillejuif.fr\/blog\/wp-json\/wp\/v2\/pages\/215\/revisions"}],"predecessor-version":[{"id":1652,"href":"https:\/\/omsvillejuif.fr\/blog\/wp-json\/wp\/v2\/pages\/215\/revisions\/1652"}],"up":[{"embeddable":true,"href":"https:\/\/omsvillejuif.fr\/blog\/wp-json\/wp\/v2\/pages\/105"}],"wp:attachment":[{"href":"https:\/\/omsvillejuif.fr\/blog\/wp-json\/wp\/v2\/media?parent=215"}],"curies":[{"name":"wp","href":"https:\/\/api.w.org\/{rel}","templated":true}]}}