{"id":212,"date":"2017-06-10T12:52:39","date_gmt":"2017-06-10T10:52:39","guid":{"rendered":"http:\/\/omsvillejuif.fr\/blog\/?page_id=212"},"modified":"2025-02-10T15:27:59","modified_gmt":"2025-02-10T14:27:59","slug":"usv-aikido","status":"publish","type":"page","link":"https:\/\/omsvillejuif.fr\/blog\/liste-des-clubs-adherents\/usv-aikido\/","title":{"rendered":"A\u00efkido Club Villejuif"},"content":{"rendered":"<p><img loading=\"lazy\" decoding=\"async\" class=\"alignnone size-medium wp-image-1713\" src=\"https:\/\/omsvillejuif.fr\/blog\/wp-content\/uploads\/2025\/02\/Aikido-Image1-211x300.jpg\" alt=\"\" width=\"211\" height=\"300\" srcset=\"https:\/\/omsvillejuif.fr\/blog\/wp-content\/uploads\/2025\/02\/Aikido-Image1-211x300.jpg 211w, https:\/\/omsvillejuif.fr\/blog\/wp-content\/uploads\/2025\/02\/Aikido-Image1.jpg 287w\" sizes=\"auto, (max-width: 211px) 100vw, 211px\" \/> <img loading=\"lazy\" decoding=\"async\" class=\"alignnone size-medium wp-image-1712\" src=\"https:\/\/omsvillejuif.fr\/blog\/wp-content\/uploads\/2025\/02\/Aikido-Image2-200x300.jpg\" alt=\"\" width=\"200\" height=\"300\" srcset=\"https:\/\/omsvillejuif.fr\/blog\/wp-content\/uploads\/2025\/02\/Aikido-Image2-200x300.jpg 200w, https:\/\/omsvillejuif.fr\/blog\/wp-content\/uploads\/2025\/02\/Aikido-Image2.jpg 286w\" sizes=\"auto, (max-width: 200px) 100vw, 200px\" \/><br \/>\n<img loading=\"lazy\" decoding=\"async\" class=\"alignleft wp-image-600 size-full\" src=\"http:\/\/omsvillejuif.fr\/blog\/wp-content\/uploads\/2017\/06\/logo.jpg\" alt=\"\" width=\"180\" height=\"123\" \/><strong>Contacts Club :<\/strong><\/p>\n<p>Pascal Marcias (6\u00e8me Dan)<\/p>\n<p>Emiko Hattori (5\u00e8me Dan)<\/p>\n<p><a title=\"Adresse Email du club\" href=\"mailto:usvaikido@usvaikido.fr\" target=\"_blank\" rel=\"noopener\"><img loading=\"lazy\" decoding=\"async\" class=\"alignnone wp-image-93\" src=\"http:\/\/omsvillejuif.fr\/blog\/wp-content\/uploads\/2017\/05\/Email.png\" alt=\"\" width=\"43\" height=\"43\" \/> <\/a>\u00a0 \u00a0<a title=\"Site web du club\" href=\"http:\/\/www.usvaikido.fr\" target=\"_blank\" rel=\"noopener\"><img loading=\"lazy\" decoding=\"async\" class=\"alignnone wp-image-95\" src=\"http:\/\/omsvillejuif.fr\/blog\/wp-content\/uploads\/2017\/05\/site-web.png\" alt=\"\" width=\"43\" height=\"43\" srcset=\"https:\/\/omsvillejuif.fr\/blog\/wp-content\/uploads\/2017\/05\/site-web.png 250w, https:\/\/omsvillejuif.fr\/blog\/wp-content\/uploads\/2017\/05\/site-web-150x150.png 150w\" sizes=\"auto, (max-width: 43px) 100vw, 43px\" \/><\/a> \u00a0\u00a0 <a title=\"Page Facebook du club\" href=\"https:\/\/www.facebook.com\/aikidoclubvillejuif\" target=\"_blank\" rel=\"noopener\"><img loading=\"lazy\" decoding=\"async\" class=\"alignnone wp-image-94\" src=\"http:\/\/omsvillejuif.fr\/blog\/wp-content\/uploads\/2017\/05\/facebook-logo-4-300x300.png\" alt=\"\" width=\"43\" height=\"43\" srcset=\"https:\/\/omsvillejuif.fr\/blog\/wp-content\/uploads\/2017\/05\/facebook-logo-4-300x300.png 300w, https:\/\/omsvillejuif.fr\/blog\/wp-content\/uploads\/2017\/05\/facebook-logo-4-150x150.png 150w, https:\/\/omsvillejuif.fr\/blog\/wp-content\/uploads\/2017\/05\/facebook-logo-4-768x768.png 768w, https:\/\/omsvillejuif.fr\/blog\/wp-content\/uploads\/2017\/05\/facebook-logo-4-624x624.png 624w, https:\/\/omsvillejuif.fr\/blog\/wp-content\/uploads\/2017\/05\/facebook-logo-4.png 1024w\" sizes=\"auto, (max-width: 43px) 100vw, 43px\" \/> <\/a>\u00a0\u00a0 <a title=\"Page Facebook du club\" href=\"http:\/\/www.Instagram.com\/aikidoclubvillejuif\" target=\"_blank\" rel=\"noopener\"><img loading=\"lazy\" decoding=\"async\" class=\"alignnone wp-image-1709\" src=\"https:\/\/omsvillejuif.fr\/blog\/wp-content\/uploads\/2025\/02\/Logo-insta.jpg\" alt=\"\" width=\"40\" height=\"40\" srcset=\"https:\/\/omsvillejuif.fr\/blog\/wp-content\/uploads\/2025\/02\/Logo-insta.jpg 225w, https:\/\/omsvillejuif.fr\/blog\/wp-content\/uploads\/2025\/02\/Logo-insta-150x150.jpg 150w\" sizes=\"auto, (max-width: 40px) 100vw, 40px\" \/><\/a> \u00a0\u00a0\u00a0<a title=\"Page Facebook du club\" href=\"https:\/\/www.youtube.com\/user\/AikidoUSV\" target=\"_blank\" rel=\"noopener\"><img loading=\"lazy\" decoding=\"async\" class=\"alignnone wp-image-1708\" src=\"https:\/\/omsvillejuif.fr\/blog\/wp-content\/uploads\/2025\/02\/Logo-YT.png\" alt=\"\" width=\"58\" height=\"41\" \/><\/a><\/p>\n<p>&nbsp;<\/p>\n<p><strong>Descriptif de l\u2019association<\/strong><\/p>\n<p><span style=\"text-decoration: underline;\">A\u00efkido traditionnel :<\/span><\/p>\n<p>Accessible \u00e0 tou.te.s, l\u2019A\u00efkido est un art martial qui apporte une r\u00e9ponse la moins violente possible \u00e0 une agression. Ce r\u00e9sultat est obtenu en \u00e9vitant de s\u2019opposer directement \u00e0 l\u2019attaque. Les cours permettent d\u2019\u00e9tudier des situations d\u2019attaque et de d\u00e9fense \u00e0 mains nues, ou arm\u00e9es d\u2019un jo (b\u00e2ton), d\u2019un tanto (couteau) ou d\u2019un ken (sabre), contre un ou plusieurs adversaires.<\/p>\n<p><span style=\"text-decoration: underline;\">A\u00efkido sant\u00e9 et bien-\u00eatre :<\/span><\/p>\n<p>Le club propose aussi des s\u00e9ances de \u00ab Ki no renma \u00bb ou \u00ab renforcement de l\u2019\u00e9nergie vitale \u00bb. Cette pratique s\u2019appuie sur des exercices de respiration, qui, r\u00e9p\u00e9t\u00e9s r\u00e9guli\u00e8rement, favorisent le maintien en bonne sant\u00e9.<\/p>\n<p>Notre approche p\u00e9dagogique est adapt\u00e9e aux enfants, aux adolescents et aux adultes de tout \u00e2ge et de toute condition physique.<\/p>\n<p>&nbsp;<\/p>\n<p><strong>Conditions d\u2019inscription<\/strong><\/p>\n<p>Fournir un certificat m\u00e9dical (moins de 3 mois).<\/p>\n<p>Tenue obligatoire pour l\u2019A\u00efkido traditionnel : kimono de judo blanc et ceinture blanche.<\/p>\n<p>Cours d\u2019essai gratuit : se pr\u00e9senter avec un t-shirt \u00e0 manches longues et un jogging.<\/p>\n<p><strong>Cotisation<\/strong><\/p>\n<p><img loading=\"lazy\" decoding=\"async\" class=\"alignnone wp-image-1715\" src=\"https:\/\/omsvillejuif.fr\/blog\/wp-content\/uploads\/2025\/02\/Tarif-aikido-1-300x97.png\" alt=\"\" width=\"591\" height=\"191\" srcset=\"https:\/\/omsvillejuif.fr\/blog\/wp-content\/uploads\/2025\/02\/Tarif-aikido-1-300x97.png 300w, https:\/\/omsvillejuif.fr\/blog\/wp-content\/uploads\/2025\/02\/Tarif-aikido-1-1024x332.png 1024w, https:\/\/omsvillejuif.fr\/blog\/wp-content\/uploads\/2025\/02\/Tarif-aikido-1-768x249.png 768w, https:\/\/omsvillejuif.fr\/blog\/wp-content\/uploads\/2025\/02\/Tarif-aikido-1-1536x498.png 1536w, https:\/\/omsvillejuif.fr\/blog\/wp-content\/uploads\/2025\/02\/Tarif-aikido-1-624x202.png 624w, https:\/\/omsvillejuif.fr\/blog\/wp-content\/uploads\/2025\/02\/Tarif-aikido-1.png 1738w\" sizes=\"auto, (max-width: 591px) 100vw, 591px\" \/><\/p>\n<p><strong>Lieu de pratique et Horaires<\/strong><\/p>\n<p><img loading=\"lazy\" decoding=\"async\" class=\"alignnone  wp-image-1717\" src=\"https:\/\/omsvillejuif.fr\/blog\/wp-content\/uploads\/2025\/02\/Horaires-aikido-300x206.png\" alt=\"\" width=\"594\" height=\"408\" srcset=\"https:\/\/omsvillejuif.fr\/blog\/wp-content\/uploads\/2025\/02\/Horaires-aikido-300x206.png 300w, https:\/\/omsvillejuif.fr\/blog\/wp-content\/uploads\/2025\/02\/Horaires-aikido-768x527.png 768w, https:\/\/omsvillejuif.fr\/blog\/wp-content\/uploads\/2025\/02\/Horaires-aikido-624x428.png 624w, https:\/\/omsvillejuif.fr\/blog\/wp-content\/uploads\/2025\/02\/Horaires-aikido.png 992w\" sizes=\"auto, (max-width: 594px) 100vw, 594px\" \/><\/p>\n<p><strong>Emplacements des gymnases :<\/strong><\/p>\n<ul>\n<li>Gymnase Guy Boniface : 32, avenue Louis Aragon \u2013 94800 Villejuif<\/li>\n<li>Dojo Lucie Decosse : 43, rue Pasteur \u2013 94800 Vi<\/li>\n<\/ul>\n<p>&nbsp;<\/p>\n","protected":false},"excerpt":{"rendered":"<p>Contacts Club : Pascal Marcias (6\u00e8me Dan) Emiko Hattori (5\u00e8me Dan) \u00a0 \u00a0 \u00a0\u00a0 \u00a0\u00a0 \u00a0\u00a0\u00a0 &nbsp; Descriptif de l\u2019association A\u00efkido traditionnel : Accessible \u00e0 tou.te.s, l\u2019A\u00efkido est un art martial qui apporte une r\u00e9ponse la moins violente possible \u00e0 une agression. Ce r\u00e9sultat est obtenu en \u00e9vitant de s\u2019opposer directement \u00e0 l\u2019attaque. Les cours [&hellip;]<\/p>\n","protected":false},"author":3,"featured_media":0,"parent":105,"menu_order":0,"comment_status":"closed","ping_status":"closed","template":"page-templates\/full-width.php","meta":{"footnotes":""},"class_list":["post-212","page","type-page","status-publish","hentry"],"_links":{"self":[{"href":"https:\/\/omsvillejuif.fr\/blog\/wp-json\/wp\/v2\/pages\/212","targetHints":{"allow":["GET"]}}],"collection":[{"href":"https:\/\/omsvillejuif.fr\/blog\/wp-json\/wp\/v2\/pages"}],"about":[{"href":"https:\/\/omsvillejuif.fr\/blog\/wp-json\/wp\/v2\/types\/page"}],"author":[{"embeddable":true,"href":"https:\/\/omsvillejuif.fr\/blog\/wp-json\/wp\/v2\/users\/3"}],"replies":[{"embeddable":true,"href":"https:\/\/omsvillejuif.fr\/blog\/wp-json\/wp\/v2\/comments?post=212"}],"version-history":[{"count":19,"href":"https:\/\/omsvillejuif.fr\/blog\/wp-json\/wp\/v2\/pages\/212\/revisions"}],"predecessor-version":[{"id":1647,"href":"https:\/\/omsvillejuif.fr\/blog\/wp-json\/wp\/v2\/pages\/212\/revisions\/1647"}],"up":[{"embeddable":true,"href":"https:\/\/omsvillejuif.fr\/blog\/wp-json\/wp\/v2\/pages\/105"}],"wp:attachment":[{"href":"https:\/\/omsvillejuif.fr\/blog\/wp-json\/wp\/v2\/media?parent=212"}],"curies":[{"name":"wp","href":"https:\/\/api.w.org\/{rel}","templated":true}]}}