{"id":203,"date":"2017-06-10T12:49:06","date_gmt":"2017-06-10T10:49:06","guid":{"rendered":"http:\/\/omsvillejuif.fr\/blog\/?page_id=203"},"modified":"2025-04-18T13:58:39","modified_gmt":"2025-04-18T11:58:39","slug":"rcvb","status":"publish","type":"page","link":"https:\/\/omsvillejuif.fr\/blog\/liste-des-clubs-adherents\/rcvb\/","title":{"rendered":"RCVB"},"content":{"rendered":"<p><img loading=\"lazy\" decoding=\"async\" class=\"alignleft wp-image-309\" src=\"http:\/\/omsvillejuif.fr\/blog\/wp-content\/uploads\/2017\/06\/rcvbbulletin-300x180.jpg\" alt=\"\" width=\"620\" height=\"372\" srcset=\"https:\/\/omsvillejuif.fr\/blog\/wp-content\/uploads\/2017\/06\/rcvbbulletin-300x180.jpg 300w, https:\/\/omsvillejuif.fr\/blog\/wp-content\/uploads\/2017\/06\/rcvbbulletin-768x461.jpg 768w, https:\/\/omsvillejuif.fr\/blog\/wp-content\/uploads\/2017\/06\/rcvbbulletin-624x374.jpg 624w, https:\/\/omsvillejuif.fr\/blog\/wp-content\/uploads\/2017\/06\/rcvbbulletin.jpg 960w\" sizes=\"auto, (max-width: 620px) 100vw, 620px\" \/><\/p>\n<p>&nbsp;<\/p>\n<p><strong>Contact<\/strong><\/p>\n<p>Alice Leclerc<br \/>\nManageuse<br \/>\n<a title=\"Adresse Email du club\" href=\"mailto:alice_leclerc@hotmail.fr\" target=\"_blank\" rel=\"noopener noreferrer\"><img loading=\"lazy\" decoding=\"async\" class=\"alignnone wp-image-93\" src=\"http:\/\/omsvillejuif.fr\/blog\/wp-content\/uploads\/2017\/05\/Email.png\" alt=\"\" width=\"43\" height=\"43\" \/>\u00a0<\/a><a title=\"Num\u00e9ro de tel +33 6 73 81 29 22\" href=\"tel:+33682827031\"><img loading=\"lazy\" decoding=\"async\" class=\"alignnone wp-image-97\" src=\"http:\/\/omsvillejuif.fr\/blog\/wp-content\/uploads\/2017\/05\/telephone-1-300x300.png\" alt=\"\" width=\"43\" height=\"43\" srcset=\"https:\/\/omsvillejuif.fr\/blog\/wp-content\/uploads\/2017\/05\/telephone-1-300x300.png 300w, https:\/\/omsvillejuif.fr\/blog\/wp-content\/uploads\/2017\/05\/telephone-1-150x150.png 150w, https:\/\/omsvillejuif.fr\/blog\/wp-content\/uploads\/2017\/05\/telephone-1.png 392w\" sizes=\"auto, (max-width: 43px) 100vw, 43px\" \/><\/a><a title=\"Adresse Email du club\" href=\"mailto:edouard.normand@hotmail.fr\" target=\"_blank\" rel=\"noopener noreferrer\"><br \/>\n<\/a><a title=\"Site web du club\" href=\"https:\/\/rcvb-rugby.fr\/\" target=\"_blank\" rel=\"noopener noreferrer\"><img loading=\"lazy\" decoding=\"async\" class=\"alignnone wp-image-95\" src=\"http:\/\/omsvillejuif.fr\/blog\/wp-content\/uploads\/2017\/05\/site-web.png\" alt=\"\" width=\"43\" height=\"43\" srcset=\"https:\/\/omsvillejuif.fr\/blog\/wp-content\/uploads\/2017\/05\/site-web.png 250w, https:\/\/omsvillejuif.fr\/blog\/wp-content\/uploads\/2017\/05\/site-web-150x150.png 150w\" sizes=\"auto, (max-width: 43px) 100vw, 43px\" \/><\/a><a title=\"Page Facebook du club\" href=\"https:\/\/www.facebook.com\/profile.php?id=100012242898893\" target=\"_blank\" rel=\"noopener noreferrer\"><img loading=\"lazy\" decoding=\"async\" class=\"alignnone wp-image-94\" src=\"http:\/\/omsvillejuif.fr\/blog\/wp-content\/uploads\/2017\/05\/facebook-logo-4-300x300.png\" alt=\"\" width=\"43\" height=\"43\" srcset=\"https:\/\/omsvillejuif.fr\/blog\/wp-content\/uploads\/2017\/05\/facebook-logo-4-300x300.png 300w, https:\/\/omsvillejuif.fr\/blog\/wp-content\/uploads\/2017\/05\/facebook-logo-4-150x150.png 150w, https:\/\/omsvillejuif.fr\/blog\/wp-content\/uploads\/2017\/05\/facebook-logo-4-768x768.png 768w, https:\/\/omsvillejuif.fr\/blog\/wp-content\/uploads\/2017\/05\/facebook-logo-4-624x624.png 624w, https:\/\/omsvillejuif.fr\/blog\/wp-content\/uploads\/2017\/05\/facebook-logo-4.png 1024w\" sizes=\"auto, (max-width: 43px) 100vw, 43px\" \/><\/a><\/p>\n<p>&nbsp;<\/p>\n<p>&nbsp;<\/p>\n<p>&nbsp;<\/p>\n<p><strong>Descriptif de l\u2019association<\/strong><\/p>\n<p>RCVB\u00a0: Situ\u00e9 aux portes de Paris, notre club te garantit\u00a0:<br \/>\n<strong>R<\/strong>espect <strong>C<\/strong>amaraderie <strong>V<\/strong>olont\u00e9 <strong>B<\/strong>ravoure<\/p>\n<p><strong>Notre \u00e9cole de rugby est lab\u00e9lis\u00e9e 2 \u00e9toiles par la F\u00e9d\u00e9ration Fran\u00e7aise de Rugby, gage et reconnaissance du s\u00e9rieux et de la qualit\u00e9 du travail effectu\u00e9.<\/strong><\/p>\n<p>Au-del\u00e0 de la pratique du rugby, vous y trouverez et partagerez des valeurs simples de courage, de loyaut\u00e9, de g\u00e9n\u00e9rosit\u00e9 et d\u2019abn\u00e9gation\u00a0: tous les ingr\u00e9dients n\u00e9cessaires \u00e0 la construction d\u2019une citoyenne et d\u2019un citoyen.<br \/>\nNous pratiquons le rugby en loisir et en comp\u00e9tition pour tous\u00a0: les femmes, les hommes et de tous les \u00e2ges.<br \/>\nNotre objectif prioritaire est celui de notre devise\u00a0: <strong>\u00ab\u00a0Notre rugby se conjugue \u00e0 la premi\u00e8re personne du pluriel\u00a0\u00bb<br \/>\n<\/strong>Venez tenter l\u2019exp\u00e9rience du seul sport de combat collectif, nous vous accueillerons \u00e0 bras ouverts.<\/p>\n<p><strong>Informations sp\u00e9cifiques :<\/strong><\/p>\n<p>Remplir le dossier d\u2019inscription. Fournir un certificat m\u00e9dical d\u00e9livr\u00e9 par la FFR, une pi\u00e8ce d\u2019identit\u00e9, une autorisation de soins, et le r\u00e8glement de la cotisation.<\/p>\n<p>P\u00e9riode d\u2019essai gratuite, afin de permettre \u00e0 vos enfants de tester notre sport (Responsabilit\u00e9 civile, activit\u00e9s extra scolaires obligatoires).<\/p>\n<p><strong>Cotisations :<\/strong><em><br \/>\n<\/em><\/p>\n<ul data-editing-info=\"{&quot;applyListStyleFromLevel&quot;:false,&quot;unorderedStyleType&quot;:2}\">\n<li data-ogsc=\"rgb(0, 0, 0)\">\n<div class=\"x_elementToProof\" data-ogsc=\"\" data-olk-copy-source=\"MessageBody\">Rugby adapt\u00e9 et sant\u00e9 :150\u20ac<\/div>\n<\/li>\n<li data-ogsc=\"rgb(0, 0, 0)\">\n<div class=\"x_elementToProof\" data-ogsc=\"\">Rugby enfant et comp\u00e9tition jeune : 220\u20ac<\/div>\n<\/li>\n<li data-ogsc=\"rgb(0, 0, 0)\">\n<div class=\"x_elementToProof\" data-ogsc=\"\">Rugby s\u00e9niors M : 280\u20ac<\/div>\n<\/li>\n<li data-ogsc=\"rgb(0, 0, 0)\">\n<div class=\"x_elementToProof\" data-ogsc=\"\">R5 : 170 \u20ac<\/div>\n<\/li>\n<\/ul>\n<p><strong>Lieux et horaires :<\/strong><\/p>\n<p>Stade Guy Boniface. 32, avenue Louis Aragon, 94800 Villejuif<br \/>\nStade l\u2019Ha\u00ffette. 36, rue de Chevilly, 94240 L\u2019Ha\u00ff-les-Roses<\/p>\n<p><img loading=\"lazy\" decoding=\"async\" class=\"alignnone wp-image-318\" src=\"http:\/\/omsvillejuif.fr\/blog\/wp-content\/uploads\/2017\/06\/Tableaubulletin-rcvb-1024x691.png\" alt=\"\" width=\"500\" height=\"338\" srcset=\"https:\/\/omsvillejuif.fr\/blog\/wp-content\/uploads\/2017\/06\/Tableaubulletin-rcvb-1024x691.png 1024w, https:\/\/omsvillejuif.fr\/blog\/wp-content\/uploads\/2017\/06\/Tableaubulletin-rcvb-300x203.png 300w, https:\/\/omsvillejuif.fr\/blog\/wp-content\/uploads\/2017\/06\/Tableaubulletin-rcvb-768x519.png 768w, https:\/\/omsvillejuif.fr\/blog\/wp-content\/uploads\/2017\/06\/Tableaubulletin-rcvb-624x421.png 624w, https:\/\/omsvillejuif.fr\/blog\/wp-content\/uploads\/2017\/06\/Tableaubulletin-rcvb.png 1084w\" sizes=\"auto, (max-width: 500px) 100vw, 500px\" \/><\/p>\n","protected":false},"excerpt":{"rendered":"<p>&nbsp; Contact Alice Leclerc Manageuse \u00a0 &nbsp; &nbsp; &nbsp; Descriptif de l\u2019association RCVB\u00a0: Situ\u00e9 aux portes de Paris, notre club te garantit\u00a0: Respect Camaraderie Volont\u00e9 Bravoure Notre \u00e9cole de rugby est lab\u00e9lis\u00e9e 2 \u00e9toiles par la F\u00e9d\u00e9ration Fran\u00e7aise de Rugby, gage et reconnaissance du s\u00e9rieux et de la qualit\u00e9 du travail effectu\u00e9. Au-del\u00e0 de la [&hellip;]<\/p>\n","protected":false},"author":3,"featured_media":0,"parent":105,"menu_order":0,"comment_status":"closed","ping_status":"closed","template":"page-templates\/full-width.php","meta":{"footnotes":""},"class_list":["post-203","page","type-page","status-publish","hentry"],"_links":{"self":[{"href":"https:\/\/omsvillejuif.fr\/blog\/wp-json\/wp\/v2\/pages\/203","targetHints":{"allow":["GET"]}}],"collection":[{"href":"https:\/\/omsvillejuif.fr\/blog\/wp-json\/wp\/v2\/pages"}],"about":[{"href":"https:\/\/omsvillejuif.fr\/blog\/wp-json\/wp\/v2\/types\/page"}],"author":[{"embeddable":true,"href":"https:\/\/omsvillejuif.fr\/blog\/wp-json\/wp\/v2\/users\/3"}],"replies":[{"embeddable":true,"href":"https:\/\/omsvillejuif.fr\/blog\/wp-json\/wp\/v2\/comments?post=203"}],"version-history":[{"count":25,"href":"https:\/\/omsvillejuif.fr\/blog\/wp-json\/wp\/v2\/pages\/203\/revisions"}],"predecessor-version":[{"id":1743,"href":"https:\/\/omsvillejuif.fr\/blog\/wp-json\/wp\/v2\/pages\/203\/revisions\/1743"}],"up":[{"embeddable":true,"href":"https:\/\/omsvillejuif.fr\/blog\/wp-json\/wp\/v2\/pages\/105"}],"wp:attachment":[{"href":"https:\/\/omsvillejuif.fr\/blog\/wp-json\/wp\/v2\/media?parent=203"}],"curies":[{"name":"wp","href":"https:\/\/api.w.org\/{rel}","templated":true}]}}